{"version":"1.0","provider_name":"Radici","provider_url":"https:\/\/www.radicicarpet.it\/fr\/","author_name":"Valentina Gamba","author_url":"https:\/\/www.radicicarpet.it\/fr\/author\/vgamba\/","title":"Frames - Fuorisalone '26 | Radici","type":"rich","width":600,"height":338,"html":"<blockquote class=\"wp-embedded-content\" data-secret=\"kTJspZmGIh\"><a href=\"https:\/\/www.radicicarpet.it\/fr\/projets\/frames-fuorisalone-26\/\">Frames &#8211; Fuorisalone &#8217;26<\/a><\/blockquote><iframe sandbox=\"allow-scripts\" security=\"restricted\" src=\"https:\/\/www.radicicarpet.it\/fr\/projets\/frames-fuorisalone-26\/embed\/#?secret=kTJspZmGIh\" width=\"600\" height=\"338\" title=\"&#8220;Frames &#8211; Fuorisalone &#8217;26&#8221; &#8212; Radici\" data-secret=\"kTJspZmGIh\" frameborder=\"0\" marginwidth=\"0\" marginheight=\"0\" scrolling=\"no\" class=\"wp-embedded-content\"><\/iframe><script>\n\/*! This file is auto-generated *\/\n!function(d,l){\"use strict\";l.querySelector&&d.addEventListener&&\"undefined\"!=typeof URL&&(d.wp=d.wp||{},d.wp.receiveEmbedMessage||(d.wp.receiveEmbedMessage=function(e){var t=e.data;if((t||t.secret||t.message||t.value)&&!\/[^a-zA-Z0-9]\/.test(t.secret)){for(var s,r,n,a=l.querySelectorAll('iframe[data-secret=\"'+t.secret+'\"]'),o=l.querySelectorAll('blockquote[data-secret=\"'+t.secret+'\"]'),c=new RegExp(\"^https?:$\",\"i\"),i=0;i<o.length;i++)o[i].style.display=\"none\";for(i=0;i<a.length;i++)s=a[i],e.source===s.contentWindow&&(s.removeAttribute(\"style\"),\"height\"===t.message?(1e3<(r=parseInt(t.value,10))?r=1e3:~~r<200&&(r=200),s.height=r):\"link\"===t.message&&(r=new URL(s.getAttribute(\"src\")),n=new URL(t.value),c.test(n.protocol))&&n.host===r.host&&l.activeElement===s&&(d.top.location.href=t.value))}},d.addEventListener(\"message\",d.wp.receiveEmbedMessage,!1),l.addEventListener(\"DOMContentLoaded\",function(){for(var e,t,s=l.querySelectorAll(\"iframe.wp-embedded-content\"),r=0;r<s.length;r++)(t=(e=s[r]).getAttribute(\"data-secret\"))||(t=Math.random().toString(36).substring(2,12),e.src+=\"#?secret=\"+t,e.setAttribute(\"data-secret\",t)),e.contentWindow.postMessage({message:\"ready\",secret:t},\"*\")},!1)))}(window,document);\n\/\/# sourceURL=https:\/\/www.radicicarpet.it\/wp\/wp-includes\/js\/wp-embed.min.js\n<\/script>\n","thumbnail_url":"https:\/\/www.radicicarpet.it\/app\/uploads\/2026\/04\/Frames-8.webp","thumbnail_width":3000,"thumbnail_height":2000,"description":"Un r\u00e9cit de projet qui unit mati\u00e8re, couleur, volumes et perception visuelle. Radici pr\u00e9sente la nouvelle collection textile Pigments con\u00e7ue par Marco Piva au sein d\u2019une installation r\u00e9alis\u00e9e en collaboration avec Zambaiti Parati \u00e0 l\u2019occasion de la Milano Design Week 2026."}