{"version":"1.0","provider_name":"Radici","provider_url":"https:\/\/www.radicicarpet.it\/fr\/","author_name":"Valentina Gamba","author_url":"https:\/\/www.radicicarpet.it\/fr\/author\/vgamba\/","title":"Radici x Salone del Mobile 2023 | Radici","type":"rich","width":600,"height":338,"html":"<blockquote class=\"wp-embedded-content\" data-secret=\"Cb0uoN3GjI\"><a href=\"https:\/\/www.radicicarpet.it\/fr\/news-fr\/radici-x-salone-del-mobile-2023\/\">Radici x Salone del Mobile 2023<\/a><\/blockquote><iframe sandbox=\"allow-scripts\" security=\"restricted\" src=\"https:\/\/www.radicicarpet.it\/fr\/news-fr\/radici-x-salone-del-mobile-2023\/embed\/#?secret=Cb0uoN3GjI\" width=\"600\" height=\"338\" title=\"&#8220;Radici x Salone del Mobile 2023&#8221; &#8212; Radici\" data-secret=\"Cb0uoN3GjI\" frameborder=\"0\" marginwidth=\"0\" marginheight=\"0\" scrolling=\"no\" class=\"wp-embedded-content\"><\/iframe><script>\n\/*! This file is auto-generated *\/\n!function(d,l){\"use strict\";l.querySelector&&d.addEventListener&&\"undefined\"!=typeof URL&&(d.wp=d.wp||{},d.wp.receiveEmbedMessage||(d.wp.receiveEmbedMessage=function(e){var t=e.data;if((t||t.secret||t.message||t.value)&&!\/[^a-zA-Z0-9]\/.test(t.secret)){for(var s,r,n,a=l.querySelectorAll('iframe[data-secret=\"'+t.secret+'\"]'),o=l.querySelectorAll('blockquote[data-secret=\"'+t.secret+'\"]'),c=new RegExp(\"^https?:$\",\"i\"),i=0;i<o.length;i++)o[i].style.display=\"none\";for(i=0;i<a.length;i++)s=a[i],e.source===s.contentWindow&&(s.removeAttribute(\"style\"),\"height\"===t.message?(1e3<(r=parseInt(t.value,10))?r=1e3:~~r<200&&(r=200),s.height=r):\"link\"===t.message&&(r=new URL(s.getAttribute(\"src\")),n=new URL(t.value),c.test(n.protocol))&&n.host===r.host&&l.activeElement===s&&(d.top.location.href=t.value))}},d.addEventListener(\"message\",d.wp.receiveEmbedMessage,!1),l.addEventListener(\"DOMContentLoaded\",function(){for(var e,t,s=l.querySelectorAll(\"iframe.wp-embedded-content\"),r=0;r<s.length;r++)(t=(e=s[r]).getAttribute(\"data-secret\"))||(t=Math.random().toString(36).substring(2,12),e.src+=\"#?secret=\"+t,e.setAttribute(\"data-secret\",t)),e.contentWindow.postMessage({message:\"ready\",secret:t},\"*\")},!1)))}(window,document);\n\/\/# sourceURL=https:\/\/www.radicicarpet.it\/wp\/wp-includes\/js\/wp-embed.min.js\n<\/script>\n","thumbnail_url":"https:\/\/www.radicicarpet.it\/app\/uploads\/2023\/10\/Copertina-9.webp","thumbnail_width":1288,"thumbnail_height":1288,"description":"\u00c0 l\u2019occasion du Salone del Mobile 2023, Radici pr\u00e9sente une s\u00e9rie de nouveaux designs pour des rev\u00eatements de sol textiles sign\u00e9s par d\u2019importants noms du monde de la conception et de la cr\u00e9ativit\u00e9 : Chiara Andreatti, Arthur Arbesser et le cabinet DWA."}